{"id":1226,"date":"2018-08-30T14:46:19","date_gmt":"2018-08-30T17:46:19","guid":{"rendered":"https:\/\/enscarbo-cba.infd.edu.ar\/sitio\/profesorado-en-educacion-primaria\/"},"modified":"2022-11-02T15:46:29","modified_gmt":"2022-11-02T18:46:29","slug":"profesorado-en-educacion-primaria","status":"publish","type":"page","link":"https:\/\/enscarbo-cba.infd.edu.ar\/sitio\/profesorado-en-educacion-primaria\/","title":{"rendered":"Profesorado en Educaci\u00f3n Primaria"},"content":{"rendered":"\n<p class=\"has-text-align-center has-medium-font-size\"><strong>PLAN DE ESTUDIO<\/strong><\/p>\n\n\n\n<figure class=\"wp-block-table\"><table><tbody><tr><td><strong>1\u00b0 a\u00f1o<\/strong><br><br>Pedagog\u00eda<br>Problem\u00e1ticas Socioantropol\u00f3gicas en Educaci\u00f3n<br>Psicolog\u00eda y Educaci\u00f3<br>Argentina en el Mundo Contempor\u00e1neo<br>Lenguaje Digital y Audiovisual<br>Lenguaje Corporal<br>Pr\u00e1ctica Docente I<br>Desarrollo del Pensamiento Matem\u00e1tico<br>Oralidad, Lectura y Escritura<br>Seminario de Alfabetizaci\u00f3n en Lengua Inglesa<\/td><td><strong>3\u00b0 a\u00f1o<\/strong><br><br>Historia y Pol\u00edtica de la Educaci\u00f3n Argentina<br>Pr\u00e1ctica Docente III<br>Matem\u00e1tica y su Did\u00e1ctica II<br>Literatura en el Nivel Primario<br>Alfabetizaci\u00f3n Inicial<br>Ciencias Naturales y su Did\u00e1ctica II<br>Taller de Ciencias en la Escuela<br>Ciencias Sociales y su Did\u00e1ctica II<br>Educaci\u00f3n Art\u00edstica Expresiva<br>TIC y su Ense\u00f1anza en el Nivel Primario<br>Seminario II: Alfabetizaci\u00f3n en Lengua Inglesa<\/td><\/tr><tr><td><strong>2\u00b0 a\u00f1o<\/strong><br><br>Filosof\u00eda y Educaci\u00f3n<br>Did\u00e1ctica General<br>Lenguaje Art\u00edstico Expresivo<br>Pr\u00e1ctica Docente II<br>Matem\u00e1tica y su Did\u00e1ctica I<br>Lengua y su Did\u00e1ctica<br>Ciencias Naturales y su Did\u00e1ctica I<br>Ciencias Sociales y su Did\u00e1ctica I<br>Sujetos de la Educaci\u00f3n y Convivencia Escolar<br>Seminario I: Alfabetizaci\u00f3n en Lengua Inglesa<\/td><td><strong>4\u00b0 a\u00f1o<\/strong><br><br>\u00c9tica y Construcci\u00f3n de Ciudadan\u00eda<br>Pr\u00e1ctica IV y Residencia<br>Problem\u00e1ticas y Desaf\u00edos del Nivel Primario<br>Educaci\u00f3n F\u00edsica en el Nivel Primario<br>Educaci\u00f3n Sexual Integral<br>Trabajo de Campo<br>Seminario III: La cultura Escrita En J\u00f3venes y Adultos<\/td><\/tr><\/tbody><\/table><\/figure>\n\n\n\n<p class=\"has-text-align-center has-normal-font-size\">R<em>esoluci\u00f3n Ministerial Provincial N\u00ba 628\/08 y Ampliatorias y\/o Modificatorias. Con Validez Nacional otorgado por Res. Min. 2373\/12 Y Res. Min. Educ. 61\/15<\/em><\/p>\n\n\n\n<hr class=\"wp-block-separator is-style-wide\"\/>\n\n\n\n<h5 class=\"has-medium-font-size wp-block-heading\">PERIODO DE EVALUACI\u00d3N Y R\u00c9GIMEN DE ACREDITACI\u00d3N 2021 SEG\u00daN FORMATOS CURRICULARES:<\/h5>\n\n\n\n<h5 class=\"has-medium-font-size wp-block-heading\">SEMINARIO, TALLER Y ASIGNATURA RESOL. 412\/10 Y MEMO 01\/2010<\/h5>\n\n\n\n<p class=\"has-normal-font-size\"><span style=\"color: #ff9900;\"><span class=\"has-inline-color has-black-color\">CLICK AC\u00c1:<\/span><a href=\"http:\/\/shorturl.at\/hxyJK\"> shorturl.at\/hxyJK<\/a><\/span><\/p>\n\n\n\n<p><\/p>\n\n\n\n<h5 class=\"wp-block-heading\">CORRELATIVIDADES:<\/h5>\n\n\n\n<p class=\"has-normal-font-size\"><a href=\"https:\/\/enscarbo-cba.infd.edu.ar\/sitio\/wp-content\/uploads\/2021\/03\/CORRELATIVIDADES.-PEP-PARA-CURSAR-Y-APROBAR-2020.pdf\">CORRELATIVIDADES. PEP PARA CURSAR Y APROBAR 2020<\/a><\/p>\n\n\n\n<hr class=\"wp-block-separator is-style-wide\"\/>\n\n\n\n<p class=\"has-text-align-center has-cyan-bluish-gray-background-color has-background\" style=\"font-size:25px\"><strong>PROFESORADO DE EDUCACI\u00d3N PRIMARIA: Docentes<\/strong><\/p>\n\n\n\n<h4 class=\"wp-block-heading\"><strong>Docentes de 1\u00ba a\u00f1o<\/strong><\/h4>\n\n\n\n<p><\/p>\n\n\n\n<p><strong>PEDAGOG\u00cdA<\/strong><\/p>\n\n\n\n<p>A- NAVARRO, SERGIO<br>B- NAVARRO, SERGIO<br>C- SAGRISTANI, MAR\u00cdA DE LOS \u00c1NGELES<br>C- TESTAGROSSA, SILVINA ANDREA<\/p>\n\n\n\n<p><strong>PROBLEM\u00c1TICAS SOCIOANTROPOL\u00d3GICAS EN EDUCACI\u00d3N<\/strong><\/p>\n\n\n\n<p>A- BARRIONUEVO, MAR\u00cdA LAURA<br>B- ROBLEDO, CLAUDIA BEATRIZ<br>C- ARRIETA, ROC\u00cdO<\/p>\n\n\n\n<p><strong>PSICOLOG\u00cdA Y EDUCACI\u00d3N<\/strong><\/p>\n\n\n\n<p>A- MAGNAN, IN\u00c9S<br>B- QUINTANA, PATRICIA<br>C- PAGININI, MATEO<\/p>\n\n\n\n<p><strong>ARGENTINA EN EL MUNDO CONTEMPOR\u00c1NEO<\/strong><\/p>\n\n\n\n<p>A- CANDIA, MIGUEL<br>A- DRUETTA, MAT\u00cdAS NICOL\u00c1S<br>B- RAMOS, MAR\u00cdA VIRGINIA<br>C- RAMOS, MAR\u00cdA VIRGINIA<\/p>\n\n\n\n<p><strong>LENGUAJE DIGITAL Y AUDIOVISUAL<\/strong><\/p>\n\n\n\n<p>A- GAGLIARDI VIDELA, PABLO MIGUEL<br>B- BUSTAMANTE, V\u00cdCTOR ARIEL<br>C- BUSTAMANTE, V\u00cdCTOR ARIEL<\/p>\n\n\n\n<p><strong>LENGUAJE CORPORAL<\/strong><\/p>\n\n\n\n<p>A- FERREYRA GUARDO, FABIANA<br>B- LESCANO, ROBERTO<br>C- BARBARIGA, PAULO<br>C- HEREDIA, VANESA<\/p>\n\n\n\n<p><strong>PR\u00c1CTICA DOCENTE I<\/strong><\/p>\n\n\n\n<p>A- RIGHINI, ROXANA EDITH<br>B- COMBA, MAR\u00cdA VIRGINIA<br>C- QUEVEDO, VER\u00d3NICA CAROLINA<\/p>\n\n\n\n<p><strong>DESARROLLO DEL PENSAMIENTO MATEM\u00c1TICO<\/strong><\/p>\n\n\n\n<p>A- REINOSO, OSCAR<br>B- DOTTORI, MIRIAM<br>C- DELGADO PI\u00d1OL, ERIKA MERCEDES<\/p>\n\n\n\n<p><strong>ORALIDAD, LECTURA Y ESCRITURA<\/strong><\/p>\n\n\n\n<p>A- VEDIA, CELESTE ROSANA<br>B- VEDIA, CELESTE ROSANA<br>C- SALGUERO, FERNANDA<\/p>\n\n\n\n<p><strong>ALFABETIZACI\u00d3N EN LENGUA INGLESA<\/strong><\/p>\n\n\n\n<p>A- BOSAZ, GRACIELA VICENTA<br>B- ASINARI, MAR\u00cdA CECILIA<br>C- BOSAZ, GRACIELA VICENTA<\/p>\n\n\n\n<hr class=\"wp-block-separator is-style-wide\"\/>\n\n\n\n<h4 class=\"wp-block-heading\"><strong>Docentes de 2\u00ba a\u00f1o<\/strong><\/h4>\n\n\n\n<p><\/p>\n\n\n\n<p><strong>FILOSOF\u00cdA Y EDUCACI\u00d3N<\/strong><\/p>\n\n\n\n<p>A- FITA, TRIST\u00c1N<br>B- CUBAS, LAURA<br>C- ROVELLI, JOS\u00c9 GABRIEL<\/p>\n\n\n\n<p><strong>DID\u00c1CTICA GENERAL<\/strong><\/p>\n\n\n\n<p>A- BARRIONUEVO, MAR\u00cdA LAURA<br>B- HERN\u00c1NDEZ, LAURA<br>C- NAVARRO, SERGIO<\/p>\n\n\n\n<p><strong>LENGUAJE ART\u00cdSTICO EXPRESIVO<\/strong><\/p>\n\n\n\n<p>A- SEHRINGER, GABRIELA<br>B- CALLEJ\u00d3N, JUAN CARLOS<br>C- DUR\u00c1N, MAR\u00cdA ISABEL<\/p>\n\n\n\n<p><strong>PR\u00c1CTICA DOCENTE II<\/strong><\/p>\n\n\n\n<p>A- SAGRISTANI, MAR\u00cdA DE LOS \u00c1NGELES<br>B- SAGRISTANI, MAR\u00cdA DE LOS \u00c1NGELES<br>C- QUEVEDO, VER\u00d3NICA CAROLINA<\/p>\n\n\n\n<p><strong>MATEM\u00c1TICA Y SU DID\u00c1CTICA I<\/strong><\/p>\n\n\n\n<p>A- DOTTORI, MIRIAM<br>B- CARO, IVANA DEL VALLE<br>C- DEMARCHI, GUSTAVO<\/p>\n\n\n\n<p><strong>LENGUA Y SU DID\u00c1CTICA<\/strong><\/p>\n\n\n\n<p>A- VED\u00cdA, CELESTE ROSANA<br>B- BARONE, DAIANA<br>C- R\u00cdOS, MAR\u00cdA SOLEDAD<\/p>\n\n\n\n<p><strong>CIENCIAS NATURALES Y SU DID\u00c1CTICA I<\/strong><\/p>\n\n\n\n<p>A- COUTSIERS, CARLA F.<br>B- TOLEDO, CAROLINA<br>C- PEREYRA, NANCY GABRIELA<\/p>\n\n\n\n<p><strong>CIENCIAS SOCIALES Y SU DID\u00c1CTICA I<\/strong><\/p>\n\n\n\n<p>A- MAIER, LEANDRO<br>A- DRUETTA, MAT\u00cdAS NICOL\u00c1S<br>B- MAIER, LEANDRO<br>C- SAYAGO, ROC\u00cdO ANA ESPERANZA<\/p>\n\n\n\n<p><strong>SUJETOS DE LA EDUCACI\u00d3N Y CONVIVENCIA ESCOLAR<\/strong><\/p>\n\n\n\n<p>A- MAGNAN, IN\u00c9S<br>A- LENCINAS, CARLOS ENRIQUE<br>B- GALLAFENT, MARIANA<br>C- MAGNAN, IN\u00c9S<\/p>\n\n\n\n<p><strong>SEMINARIO I: PROBLEM\u00c1TICAS DE LA EDUCACI\u00d3N DE J\u00d3VENES Y ADULTOS<\/strong><\/p>\n\n\n\n<p>A- MONTENEGRO, MARCELA<br>A- VOLMARO, ANA CAROLINA<br>B- MOHR, JUAN EDUARDO<br>C- VOLMARO, ANA CAROLINA<\/p>\n\n\n\n<p><strong>ALFABETIZACI\u00d3N EN LENGUA INGLESA<\/strong><\/p>\n\n\n\n<p>A- VOLMARO, ANA CAROLINA<br>B- MOHR, JUAN EDUARDO<br>C- VOLMARO, ANA CAROLINA<\/p>\n\n\n\n<hr class=\"wp-block-separator is-style-wide\"\/>\n\n\n\n<h4 class=\"wp-block-heading\"><strong>Docentes de 3\u00ba a\u00f1o<\/strong><\/h4>\n\n\n\n<p><\/p>\n\n\n\n<p><strong>HISTORIA Y POL\u00cdTICA DE LA EDUCACI\u00d3N ARGENTINA<\/strong><\/p>\n\n\n\n<p>A- DAMIANI, ANDR\u00c9S<br>B- DAMIANI, ANDR\u00c9S<br>C- BASSI OVIEDO, LUC\u00cdA ANTONELLA<\/p>\n\n\n\n<p><strong>PR\u00c1CTICA DOCENTE III<\/strong><\/p>\n\n\n\n<p>A- QUEVEDO, MARCELA<br>B- RIGHINI, ROXANA EDITH<br>C- ASSENZA, JOS\u00c9 SEBASTI\u00c1N<\/p>\n\n\n\n<p><strong>MATEM\u00c1TICA Y SU DID\u00c1CTICA II<\/strong><\/p>\n\n\n\n<p>A- REINOSO, OSCAR<br>B- DEMARCHI, GUSTAVO<br>C- REINOSO, OSCAR<\/p>\n\n\n\n<p><strong>LITERATURA EN EL NIVEL PRIMARIO<\/strong><\/p>\n\n\n\n<p>A- VED\u00cdA, CELESTE ROSANA<br>B- VED\u00cdA, CELESTE ROSANA<br>C- BARONE, DAIANA<\/p>\n\n\n\n<p><strong>ALFABETIZACI\u00d3N INICIAL<\/strong><\/p>\n\n\n\n<p>A- FERN\u00c1NDEZ, JUAN MANUEL<br>B- VED\u00cdA, CELESTE ROSANA<br>C- CONSTABLE, MAR\u00cdA FLORENCIA<\/p>\n\n\n\n<p><strong>CIENCIAS NATURALES Y SU DID\u00c1CTICA II<\/strong><\/p>\n\n\n\n<p>A- MARI, MACARENA MARIEL<br>B- COUTSIERS, CARLA F.<br>C- OLMOS, ROXANA GRACIELA<\/p>\n\n\n\n<p><strong>TALLER DE CIENCIAS EN LA ESCUELA<\/strong><\/p>\n\n\n\n<p>A- MAIER, LEANDRO<br>A- MARI, MACARENA MARIEL<br>B- MONTENEGRO, MARCELA<br>B- COUTSIERS, CARLA F.<br>C- \u00c1LVAREZ, FERNANDA<br>C- MAIER, LEANDRO<\/p>\n\n\n\n<p><strong>CIENCIAS SOCIALES Y SU DID\u00c1CTICA II<\/strong><\/p>\n\n\n\n<p>A- MAIER, LEANDRO<br>B- MONTENEGRO, MARCELA<br>C- MAIER, LEANDRO<\/p>\n\n\n\n<p><strong>EDUCACI\u00d3N ART\u00cdSTICO EXPRESIVO<\/strong><\/p>\n\n\n\n<p>A- RICCI, SARA<br>B- RICCI, SARA<br>C- BASUALDO, LAURA VER\u00d3NICA<\/p>\n\n\n\n<p><strong>SEMINARIO II: ALFABETIZACI\u00d3N EN LENGUA INGLESA<\/strong><\/p>\n\n\n\n<p>A- ASINARI, MAR\u00cdA CECILIA<br>B- MOHR, JUAN EDUARDO<br>C- MOHR, JUAN EDUARDO<\/p>\n\n\n\n<p><strong>TIC Y LA ENSE\u00d1ANZA EN EL NIVEL PRIMARIO<\/strong><\/p>\n\n\n\n<p>A- SAIZ, MAR\u00cdA VER\u00d3NICA<br>B- BINIMELIS, M\u00d3NICA<br>C- BINIMELIS, M\u00d3NICA<\/p>\n\n\n\n<hr class=\"wp-block-separator is-style-wide\"\/>\n\n\n\n<h4 class=\"wp-block-heading\"><strong>Docentes de 4\u00ba a\u00f1o<\/strong><\/h4>\n\n\n\n<p><\/p>\n\n\n\n<p><strong>\u00c9TICA Y CONSTRUCCI\u00d3N DE CIUDADAN\u00cdA<\/strong><\/p>\n\n\n\n<p>A- ROVELLI, JOS\u00c9 GABRIEL<br>B- ANGUEIRA, ALFONSINA<br>C- GORDILLO, PAULA ANDREA<\/p>\n\n\n\n<p><strong>PR\u00c1CTICA DOCENTE IV Y RESIDENCIA<\/strong><\/p>\n\n\n\n<p>A- QUEVEDO, MARCELA<br>B- ROMERO ROZAS, CAROLINA<br>C- QUEVEDO, MARCELA<\/p>\n\n\n\n<p><strong>PROBLEM\u00c1TICAS Y DESAF\u00cdOS DEL NIVEL PRIMARIO<\/strong><\/p>\n\n\n\n<p>A- CASAS, JULI\u00c1N DAR\u00cdO<br>B- QUINTANA, PATRICIA<br>C- CATURELLI, SOF\u00cdA<\/p>\n\n\n\n<p><strong>EDUCACI\u00d3N F\u00cdSICA EN EL NIVEL PRIMARIO<\/strong><\/p>\n\n\n\n<p>A- G\u00d3MEZ, ALICIA IN\u00c9S<br>B- MENTIL, B\u00c1RBARA ORNELLA<br>C- GIORGIS, RA\u00daL EDGARDO<\/p>\n\n\n\n<p><strong>EDUCACI\u00d3N SEXUAL INTEGRAL<\/strong><\/p>\n\n\n\n<p>A- NAHUM, SILVIA BEATRIZ<br>B- SILVA, VIVIANA<br>C- QUINTANA, PATRICIA<\/p>\n\n\n\n<p><strong>SEMINARIO III: LA CULTURA ESCRITA EN J\u00d3VENES Y ADULTOS<\/strong><\/p>\n\n\n\n<p>A- ARRIETA, ROC\u00cdO<br>A- TABORDA, PABLO<br>B- TABORDA, PABLO<br>C- TABORDA, PABLO<\/p>\n\n\n\n<p><strong>TRABAJO DE CAMPO<\/strong><\/p>\n\n\n\n<p>A- CHEBLE, SILVIA<br>B- ARROUPE, NADIA<br>B- PAJ\u00d3N, LAURA GABRIELA<br>C- CATURELLI, SOF\u00cdA<\/p>\n\n\n\n<p><strong>ATENEOS<\/strong><\/p>\n\n\n\n<p><strong>CIENCIAS NATURALES<\/strong><\/p>\n\n\n\n<p>A- CONTESSI, LAURA<br>B- GROSSO, ANDREA NATALIA<br>C- GROSSO, ANDREA NATALIA<\/p>\n\n\n\n<p><strong>CIENCIAS SOCIALES<\/strong><\/p>\n\n\n\n<p>A- DAMIANI, ANDR\u00c9S<br>B- VARGAS, MARISA<br>C- COMBA, MAR\u00cdA VIRGINIA<\/p>\n\n\n\n<p><strong>MATEM\u00c1TICA<\/strong><\/p>\n\n\n\n<p>A- DOTTORI, MIRIAM<br>B- DEMARCHI, GUSTAVO<br>C- DOTTORI, MIRIAM<\/p>\n\n\n\n<p><strong>LENGUA<\/strong><\/p>\n\n\n\n<p>A- VEDIA, CELESTE ROSANA<br>B- RUBIRA, LETICIA CRISTIN<br>C- RODR\u00cdGUEZ, SEBASTI\u00c1N<\/p>\n","protected":false},"excerpt":{"rendered":"<p>PLAN DE ESTUDIO 1\u00b0 a\u00f1o Pedagog\u00edaProblem\u00e1ticas Socioantropol\u00f3gicas en Educaci\u00f3nPsicolog\u00eda y Educaci\u00f3Argentina en el Mundo Contempor\u00e1neoLenguaje Digital y AudiovisualLenguaje CorporalPr\u00e1ctica Docente IDesarrollo del Pensamiento Matem\u00e1ticoOralidad, Lectura y EscrituraSeminario de Alfabetizaci\u00f3n en Lengua Inglesa 3\u00b0 a\u00f1o Historia y Pol\u00edtica de la Educaci\u00f3n ArgentinaPr\u00e1ctica Docente IIIMatem\u00e1tica y su Did\u00e1ctica IILiteratura en el Nivel PrimarioAlfabetizaci\u00f3n InicialCiencias Naturales y su &#8230; <a title=\"Profesorado en Educaci\u00f3n Primaria\" class=\"read-more\" href=\"https:\/\/enscarbo-cba.infd.edu.ar\/sitio\/profesorado-en-educacion-primaria\/\" aria-label=\"More on Profesorado en Educaci\u00f3n Primaria\">[+]<\/a><\/p>\n","protected":false},"author":7,"featured_media":0,"parent":0,"menu_order":0,"comment_status":"closed","ping_status":"closed","template":"","meta":[],"acf":[],"_links":{"self":[{"href":"https:\/\/enscarbo-cba.infd.edu.ar\/sitio\/wp-json\/wp\/v2\/pages\/1226"}],"collection":[{"href":"https:\/\/enscarbo-cba.infd.edu.ar\/sitio\/wp-json\/wp\/v2\/pages"}],"about":[{"href":"https:\/\/enscarbo-cba.infd.edu.ar\/sitio\/wp-json\/wp\/v2\/types\/page"}],"author":[{"embeddable":true,"href":"https:\/\/enscarbo-cba.infd.edu.ar\/sitio\/wp-json\/wp\/v2\/users\/7"}],"replies":[{"embeddable":true,"href":"https:\/\/enscarbo-cba.infd.edu.ar\/sitio\/wp-json\/wp\/v2\/comments?post=1226"}],"version-history":[{"count":25,"href":"https:\/\/enscarbo-cba.infd.edu.ar\/sitio\/wp-json\/wp\/v2\/pages\/1226\/revisions"}],"predecessor-version":[{"id":4385,"href":"https:\/\/enscarbo-cba.infd.edu.ar\/sitio\/wp-json\/wp\/v2\/pages\/1226\/revisions\/4385"}],"wp:attachment":[{"href":"https:\/\/enscarbo-cba.infd.edu.ar\/sitio\/wp-json\/wp\/v2\/media?parent=1226"}],"curies":[{"name":"wp","href":"https:\/\/api.w.org\/{rel}","templated":true}]}}