{"id":1233,"date":"2018-08-30T14:46:22","date_gmt":"2018-08-30T17:46:22","guid":{"rendered":"https:\/\/enscarbo-cba.infd.edu.ar\/sitio\/profesorado-en-educacion-inicial\/"},"modified":"2023-11-27T01:44:16","modified_gmt":"2023-11-27T04:44:16","slug":"profesorado-en-educacion-inicial","status":"publish","type":"page","link":"https:\/\/enscarbo-cba.infd.edu.ar\/sitio\/profesorado-en-educacion-inicial\/","title":{"rendered":"Profesorado en Educaci\u00f3n Inicial"},"content":{"rendered":"\n<p class=\"has-text-align-center has-medium-font-size\"><strong>PLAN DE ESTUDIOS<\/strong><\/p>\n\n\n\n<figure class=\"wp-block-table aligncenter is-style-regular\"><table><tbody><tr><td><strong>1\u00b0 a\u00f1o<\/strong><br><br>Pedagog\u00eda<br>Problem\u00e1ticas Socio antropol\u00f3gicas de la Educaci\u00f3n<br>Psicolog\u00eda y Educaci\u00f3n<br>Argentina en el Mundo Contempor\u00e1neo<br>Lenguaje Digital y Audiovisual<br>Lenguaje Corporal<br>Pr\u00e1ctica Docente I<br>Educaci\u00f3n Inicial: Jard\u00edn MaternalOralidad, Lectura y Escritura<br>Educaci\u00f3n Art\u00edstica: M\u00fasica<br>Seminario Alfabetizaci\u00f3n en Lengua Inglesa<\/td><td><strong>3\u00b0 a\u00f1o<\/strong><br><br>Historia y Pol\u00edtica de la Educaci\u00f3n Argentina<br>Pr\u00e1ctica Docente III<br>Matem\u00e1tica y su Did\u00e1ctica<br>Literatura en el Nivel Inicial<br>Ciencias Sociales y su Did\u00e1ctica<br>Ciencias Naturales: Educaci\u00f3n para la Salud ( 1\u00b0 semestre)<br>Ciencias Naturales: Educaci\u00f3n Ambiental ( 2\u00b0 semestre )<br>Educaci\u00f3n F\u00edsica en Jard\u00edn Maternal y Jard\u00edn Inicial<br>Seminario I<\/td><\/tr><tr><td><strong>2\u00b0 a\u00f1o<\/strong><br><br>Filosof\u00eda y Educaci\u00f3n<br>Did\u00e1ctica General<br>Pr\u00e1ctica Docente II<br>Desarrollo del Pensamiento Matem\u00e1tico<br>Lengua: Lengua y su Did\u00e1ctica ( 1\u00b0 semestre )<br>Lengua: Alfabetizaci\u00f3n Inicial ( 2\u00b0 semestre )<br>Ciencias Naturales y su Did\u00e1ctica<br>Sujetos de la Educaci\u00f3n y Convivencia Escolar<br>Educaci\u00f3n Art\u00edstica: Pl\u00e1stica<br>TIC y la Ense\u00f1anza en el Nivel Inicial<br>Dise\u00f1o y Construcci\u00f3n de Materiales Did\u00e1cticos<\/td><td><strong>4\u00b0 a\u00f1o<\/strong><br><br>\u00c9tica y Construcci\u00f3n de Ciudadan\u00eda<br>Pr\u00e1ctica IV y Residencia<br>Problem\u00e1ticas y Desaf\u00edos del Nivel Inicial: JM y JI<br>Educaci\u00f3n Art\u00edstica: Teatro<br>Educaci\u00f3n Sexual Integral<br>Seminario II<br>Trabajo de Campo<\/td><\/tr><\/tbody><\/table><\/figure>\n\n\n\n<p class=\"has-text-align-center has-normal-font-size\">Resoluci\u00f3n Ministerial Provincial N\u00ba 1228\/14,979\/14, , Con Validez Nacional otorgado por Resoluci\u00f3n del Ministerio de Educaci\u00f3n de la Naci\u00f3n N\u00ba 671\/2017<\/p>\n\n\n\n<hr class=\"wp-block-separator has-css-opacity is-style-wide\"\/>\n\n\n\n<h5 class=\"has-text-align-center has-cyan-bluish-gray-background-color has-background wp-block-heading\" style=\"font-size:25px\">ACERCA DE LA CURSADA: Links de consulta<\/h5>\n\n\n\n<h5 class=\"has-normal-font-size wp-block-heading\"><span style=\"color: #ff0000;\"><strong><span class=\"has-inline-color has-black-color\">&#8211;&gt;&gt;<\/span><a href=\"https:\/\/drive.google.com\/file\/d\/10MYQuRhjT3CafuXYK8uMQHvDYLkUNeoM\/view?usp=sharing\" target=\"_blank\" rel=\"noreferrer noopener\">Plan de estudios por a\u00f1o con formatos y campos de la formaci\u00f3n<\/a><\/strong><\/span><\/h5>\n\n\n\n<h5 class=\"has-normal-font-size wp-block-heading\"><span style=\"color: #ff0000;\"><strong><span class=\"has-inline-color has-black-color\">&nbsp;&#8212;&gt;&gt;R\u00c9GIMEN DE ACREDITACI\u00d3N 2021 SEG\u00daN FORMATOS CURRICULARES: SEMINARIO , TALLER Y ASIGNATURA RESOL. 412\/10 Y MEMO 01\/2010 &#8212;&gt;&gt; CLICK AC\u00c1:<\/span> <a href=\"http:\/\/shorturl.at\/hxyJK\" target=\"_blank\" rel=\"noreferrer noopener\">shorturl.at\/hxyJK<\/a><\/strong><\/span><\/h5>\n\n\n\n<h5 class=\"has-normal-font-size wp-block-heading\"><span style=\"color: #ff0000;\"><strong><a rel=\"noreferrer noopener\" href=\"https:\/\/drive.google.com\/file\/d\/1wkuiGlK4Och_m-y4DIj1ix7mq8hgOUf_\/view?usp=sharing\" target=\"_blank\">&#8211;&gt;&gt;REGIMEN DE CORRELATIVIDADES PARA CURSAR Y APROBAR UNIDADES CURRICULARES<\/a><\/strong><\/span><\/h5>\n\n\n\n<hr class=\"wp-block-separator has-css-opacity is-style-wide\"\/>\n\n\n\n<h4 class=\"has-text-align-center has-cyan-bluish-gray-background-color has-background wp-block-heading\" style=\"font-size:26px\">PROFESORADO DE EDUCACI\u00d3N INICIAL: Docentes<\/h4>\n\n\n\n<p><\/p>\n\n\n\n<h4 class=\"has-text-align-left wp-block-heading\">Docentes de 1\u00ba a\u00f1o<\/h4>\n\n\n\n<p><strong>PEDAGOG\u00cdA<\/strong><\/p>\n\n\n\n<p>A- PETZOL, MAR\u00cdA IN\u00c9S<br>B- RIGHINI, ROXANA EDITH<br>C- PAEZ, M\u00d3NICA<br>D- BIANCHI, MAR\u00cdA EUGENIA<\/p>\n\n\n\n<p><strong>PROBLEM\u00c1TICA SOCIOANTROPOL\u00d3GICA EN EDUCACI\u00d3N<\/strong><\/p>\n\n\n\n<p>A- RIGHINI, ROXANA EDITH<br>B- MONTENEGRO, MARCELA<br>C- ROMERO LESCANO, MARA VANESA DE LOURDES<br>D- CHARAFEDIN JAIME, GRACIANA JUDITH<\/p>\n\n\n\n<p><strong>PSICOLOG\u00cdA Y EDUCACI\u00d3N<\/strong><\/p>\n\n\n\n<p>A- LENCINAS, CARLOS ENRIQUE<br>B- ARROUPE, NADIA<br>C- ARROUPE, NADIA<br>D- LENCINAS, CARLOS ENRIQUE<\/p>\n\n\n\n<p><strong>ARGENTINA EN EL MUNDO CONTEMPOR\u00c1NEO<\/strong><\/p>\n\n\n\n<p>A- PONS, CRISTINA EMILSE<br>B- MAIER, LEANDRO<br>C- MAIER, LEANDRO<br>D- PONS, CRISTINA EMILSE<\/p>\n\n\n\n<p><strong>LENGUAJE. DIGITAL Y AUDIOVISUAL<\/strong><\/p>\n\n\n\n<p>A- SALDE BEILY, VER\u00d3NICA LAURA<br>B- GAGLIARDI VIDELA, PABLO MIGUEL<br>C- GAGLIARDI VIDELA, PABLO MIGUEL<br>D- SOSA, YOHANA PAOLA<\/p>\n\n\n\n<p><strong>LENGUAJE CORPORAL<\/strong><\/p>\n\n\n\n<p>A- TOLOZA, MAR\u00cdA LUC\u00cdA<br>B- BARRIONUEVO, MAR\u00cdA LAURA<br>C- BARRIONUEVO, MAR\u00cdA LAURA<br>D- SCHIFFINO, MAR\u00cdA CLAUDINA<\/p>\n\n\n\n<p><strong>PR\u00c1CTICA DOCENTE I<\/strong><\/p>\n\n\n\n<p>A- MAGNAN, IN\u00c9S<br>B- BIANCHI, MAR\u00cdA EUGENIA<br>C- GARLATI, MAR\u00cdA JOS\u00c9<br>D- GARLATI, MAR\u00cdA JOS\u00c9<\/p>\n\n\n\n<p><strong>EDUCACI\u00d3N INICIAL: JARD\u00cdN MATERNAL<\/strong><\/p>\n\n\n\n<p>A- GIL, MAR\u00cdA FERNANDA<br>B- COMBA, MAR\u00cdA VIRGINIA<br>C- MACCARIO, GISELLE BEL\u00c9N<br>D- O\u00b4SHEA, MAR\u00cdA ELIZABETH<\/p>\n\n\n\n<p><strong>ORALIDAD, LECTURA Y ESCRITURA<\/strong><\/p>\n\n\n\n<p>A- BARONE, DIANA<br>B- GARCIA ARMESTO, ANA<br>C- DEFAZIO, PATRICIA<br>D- SALGUERO, FERNANDA<\/p>\n\n\n\n<p><strong>EDUCACI\u00d3N ART\u00cdSTICA: M\u00daSICA<\/strong><\/p>\n\n\n\n<p>A- ALDERETE, H\u00c9CTOR LUIS<br>B- RAMOS RUIZ, RODRIGO NICOL\u00c1S<br>C- BOMBINI, ARIEL<br>D- RAMOS RUIZ, RODRIGO NICOL\u00c1S<\/p>\n\n\n\n<p><strong>ALFABETIZACI\u00d3N EN LENGUA INGLESA<\/strong><\/p>\n\n\n\n<p>A- SFORZA, ANA<br>B- SFORZA, ANA<br>C- SFORZA, ANA<br>D- MOHR, JUAN EDUARDO<\/p>\n\n\n\n<hr class=\"wp-block-separator has-css-opacity is-style-wide\"\/>\n\n\n\n<h4 class=\"wp-block-heading\">Docentes de 2\u00ba a\u00f1o<\/h4>\n\n\n\n<p><\/p>\n\n\n\n<p><strong>FILOSOF\u00cdA Y EDUCACI\u00d3N<\/strong><\/p>\n\n\n\n<p>A- CUBAS, LAURA<br>B- ROVELLI, JOS\u00c9 GABRIEL<br>C- CUBAS, LAURA<br>D- NAVARRO, SERGIO<\/p>\n\n\n\n<p><strong>DID\u00c1CTICA GENERAL<\/strong><\/p>\n\n\n\n<p>A- HERN\u00c1NDEZ, LAURA<br>B- HERN\u00c1NDEZ, LAURA<br>C- FARI\u00d1A, ANDREA ALEJANDRA<br>D- BIANCHI, MAR\u00cdA EUGENIA<\/p>\n\n\n\n<p><strong>PR\u00c1CTICA DOCENTE II<\/strong><\/p>\n\n\n\n<p>A- MALDONADO, FABIANA RENEE<br>B- MALDONADO, FABIANA RENEE<br>C- MIRANDA, JENNIFER ROMINA<br>D- COMBA, MAR\u00ccA VIRGINIA<\/p>\n\n\n\n<p><strong>DESARROLLO DEL PENSAMIENTO MATEM\u00c1TICO<\/strong><\/p>\n\n\n\n<p>A- CARO, IVANA DEL VALLE<br>B- GIM\u00c9NEZ, AN\u00cdBAL DAR\u00cdO<br>C- GIM\u00c9NEZ, AN\u00cdBAL DAR\u00cdO<br>D- GOYENECHE, SILVIA<\/p>\n\n\n\n<p><strong>LENGUA: ALFABETIZACI\u00d3N INICIAL<\/strong><\/p>\n\n\n\n<p>A- VEDIA, CELESTE ROSANA<br>B- CLERICO, MAR\u00cdA CONSTANZA<br>C- VEDIA, CELESTE ROSANA<br>D- R\u00cdOS, MARIA SOLEDAD<\/p>\n\n\n\n<p><strong>LENGUA Y SU DID\u00c1CTICA<\/strong><\/p>\n\n\n\n<p>A- VEDIA, CELESTE ROSANA<br>B- CLERICO, MAR\u00cdA CONSTANZA<br>C- VEDIA, CELESTE ROSANA<br>D- R\u00cdOS, MARIA SOLEDAD<\/p>\n\n\n\n<p><strong>CIENCIAS NATURALES Y SU DID\u00c1CTICA I<\/strong><\/p>\n\n\n\n<p>A- BRACAMONTE, MAR\u00cdA DE LOS \u00c1NGELES<br>B- GROSSO, ANDREA NATALIA<br>C- BRACAMONTE, MAR\u00cdA DE LOS \u00c1NGELES<br>D- DEL BOCA, CAROLINA<\/p>\n\n\n\n<p><strong>SUJETOS DE LA EDUCACI\u00d3N Y CONVIVENCIA ESCOLAR<\/strong><\/p>\n\n\n\n<p>A- MAGNAN, IN\u00c9S<br>B- QUINTANA, PATRICIA<br>C- LENCINAS, CARLOS ENRIQUE<br>D- SZAFR\u00c1N, MIRIAM<\/p>\n\n\n\n<p><strong>EDUCACI\u00d3N ART\u00cdSTICA: PL\u00c1STICA<\/strong><\/p>\n\n\n\n<p>A- LOYOLA, MAR\u00cdA LUZ<br>B- DUR\u00c1N, MAR\u00cdA ISABEL<br>C- RICCI, SARA<br>D- RICCI, SARA<\/p>\n\n\n\n<p><strong>TIC Y LA ENSE\u00d1ANZA EN EL NIVEL INICIAL<\/strong><\/p>\n\n\n\n<p>A- SALDE BEILY, VER\u00d3NICA LAURA<br>B- SALDE BEILY, VER\u00d3NICA LAURA<br>C- SALDE BEILY, VER\u00d3NICA LAURA<br>D- SALDE BEILY, VER\u00d3NICA LAURA<\/p>\n\n\n\n<p><strong>DISE\u00d1O Y CONSTRUCCI\u00d3N DE MATERIAL DID\u00c1CTICO<\/strong><\/p>\n\n\n\n<p>A- LOYOLA, MAR\u00cdA LUZ<br>B- MART\u00cdNEZ, IVANA ADRIANA<br>C- MART\u00cdNEZ, IVANA ADRIANA<br>D- MART\u00cdNEZ, IVANA ADRIANA<\/p>\n\n\n\n<hr class=\"wp-block-separator has-css-opacity is-style-wide\"\/>\n\n\n\n<h4 class=\"wp-block-heading\">Docentes de 3\u00ba a\u00f1o<\/h4>\n\n\n\n<p><\/p>\n\n\n\n<p><strong>HISTORIA Y POL\u00cdTICA DE LA EDUCACI\u00d3N ARGENTINA<\/strong><\/p>\n\n\n\n<p>A- DAMIANI, ANDR\u00c9S<br>A- BASSI OVIDEO, LUC\u00cdA ANTONELLA<br>B- ARTUNDUAGA, GUSTAVO<br>C- BIANCHI, MAR\u00cdA EUGENIA<br>D- L\u00c1ZARO, JOS\u00c9 LUIS<\/p>\n\n\n\n<p><strong>PR\u00c1CTICA DOCENTE III<\/strong><\/p>\n\n\n\n<p>A- GIL, MAR\u00cdA FERNANDA<br>B- GUARDIANI, MARCELA<br>C- GIL, MAR\u00cdA FERNANDA<br>D- MASINO, IVANNA DEL CARMEN<\/p>\n\n\n\n<p><strong>MATEM\u00c1TICA Y SU DID\u00c1CTICA I<\/strong><\/p>\n\n\n\n<p>A- GOYENECHE, SILVIA<br>B- CALDER\u00d3N, CRISTIAN<br>C- DEMARCHI, GUSTAVO<br>C- GIM\u00c9NEZ, ANIBAL DAR\u00cdO<br>D- DOTTORI, MIRIAM<\/p>\n\n\n\n<p><strong>LITERATURA EN EL NIVEL INICIAL<\/strong><\/p>\n\n\n\n<p>A- R\u00cdOS, MAR\u00cdA SOLEDAD<br>B- DEFAZIO, PATRICIA<br>C- R\u00cdOS, MAR\u00cdA SOLEDAD<br>D- R\u00cdOS, MAR\u00cdA SOLEDAD<\/p>\n\n\n\n<p><strong>CIENCIAS SOCIALES Y SU DID\u00c1CTICA<\/strong><\/p>\n\n\n\n<p>A- MADUSSI, ROMINA LAURA<br>B- DONOSO, SILVIA<br>C- MAIER, LEANDRO<br>D- MAGALI, LUCIANA PAZ<\/p>\n\n\n\n<p><strong>CIENCIAS NATURALES: EDUCACI\u00d3N PARA LA SALUD<\/strong><\/p>\n\n\n\n<p>A- PERALTA, MARTA IN\u00c9S<br>B- VILLANUEVA, ADRIANA<br>C- GROSSO, ANDREA NATALIA<br>D- VILLANUEVA, ADRIANA<\/p>\n\n\n\n<p><strong>CIENCIAS NATURALES: EDUCACI\u00d3N AMBIENTAL<\/strong><\/p>\n\n\n\n<p>A- PERALTA, MARTA IN\u00c9S<br>B- VILLANUEVA, ADRIANA<br>C- GROSSO, ANDREA NATALIA<br>D- VILLANUEVA, ADRIANA<\/p>\n\n\n\n<p><strong>EDUCACI\u00d3N F\u00cdSICA EN JM Y JI<\/strong><\/p>\n\n\n\n<p>A- ARRIETA, MAR\u00cdA EUGENIA<br>B- MENTIL, BARBARA ORNELLA<br>C- LESCANO, ROBERTO<br>D- LESCANO, ROBERTO<\/p>\n\n\n\n<p><strong>SEMINARIO I: INTRODUCCI\u00d3N A LA PROBLEM\u00c1TICA DE LA DISCAPACIDAD<\/strong><\/p>\n\n\n\n<p>A- NAHUM, SILVIA BEATRIZ<br>B- MACCARIO, GISELLE BEL\u00c9N<br>C- COMBA, MAR\u00cdA VIRGINIA<br>D- VILLARREAL, ANDREA MABEL<\/p>\n\n\n\n<hr class=\"wp-block-separator has-css-opacity is-style-wide\"\/>\n\n\n\n<h4 class=\"wp-block-heading\">Docentes de 4\u00ba a\u00f1o<\/h4>\n\n\n\n<p><\/p>\n\n\n\n<p><strong>PR\u00c1CTICA DOCENTE IV Y RESIDENCIA<\/strong><\/p>\n\n\n\n<p>A- GIL, MAR\u00cdA FERNANDA<br>B- BLENGINO, ANA CECILIA<br>B- RODR\u00cdGUEZ, SILVANA NOEM\u00cd<br>D- BALLESTEROS, MAR\u00cdA JOS\u00c9<\/p>\n\n\n\n<p><strong>PROBLEMAS Y DESAF\u00cdOS DEL NIVEL INICIAL<\/strong><\/p>\n\n\n\n<p>A- HEREDIA, MERCEDES<br>B- HEREDIA, MERCEDES<br>C- QUINTANA, PATRICIA<\/p>\n\n\n\n<p><strong>EDUCACI\u00d3N ART\u00cdSTICA: TEATRO<\/strong><\/p>\n\n\n\n<p>A- MART\u00cdNEZ, IVANA ADRIANA<br>B- BARBARIGA, PAULO<br>C- MART\u00cdNEZ, IVANA ADRIANA<\/p>\n\n\n\n<p><strong>EDUCACI\u00d3N SEXUAL INTEGRAL<\/strong><\/p>\n\n\n\n<p>A- LENCINAS, CARLOS ENRIQUE<br>B- GALLAFENT, MARIANA<br>C- APARICIO, DELFINA<\/p>\n\n\n\n<p><strong>TRABAJO DE CAMPO<\/strong><\/p>\n\n\n\n<p>A- NAVARRO, SERGIO<br>B- RUIZ, MAR\u00cdA DEL PILAR<br>C- RUIZ, MAR\u00cdA DEL PILAR<\/p>\n\n\n\n<p><strong>\u00c9TICA Y CONSTRUCCI\u00d3N DE CIUDADAN\u00cdA<\/strong><\/p>\n\n\n\n<p>A- ANGUEIRA, ALFONSINA<br>B- ANGUEIRA, ALFONSINA<br>C- ANGUEIRA, ALFONSINA<\/p>\n\n\n\n<p><strong>SEMINARIO II: ABORDAJES PEDAG\u00d3GICOS EN SUJETOS CON NECESIDADES EDUCATIVAS ESPECIALES<\/strong><\/p>\n\n\n\n<p>A- NAHUM, SILVIA BEATRIZ<br>B- BOTTAZZI, LAURA<br>B- MART\u00cdNEZ, MAR\u00cdA NOEL<br>C- BOTTAZZI, LAURA<\/p>\n\n\n\n<p><strong>ATENEOS<\/strong><\/p>\n\n\n\n<p><strong>CIENCIAS NATURALES<\/strong><\/p>\n\n\n\n<p>A- PERALTA, MARTA IN\u00c9S<br>B- PERALTA, MARTA IN\u00c9S<br>C- PERALTA, MARTA IN\u00c9S<\/p>\n\n\n\n<p><strong>CIENCIAS SOCIALES<\/strong><\/p>\n\n\n\n<p>A- ORLANDI, ALIDA<br>B- DAMIANI, ANDR\u00c9S<br>C- CUBAS, LAURA<\/p>\n\n\n\n<p><strong>MATEM\u00c1TICA<\/strong><\/p>\n\n\n\n<p>A- GOYENECHE, SILVIA<br>B- CARO, IVANA DEL VALLE<br>C- GIM\u00c9NEZ, ANIBAL<\/p>\n\n\n\n<p><strong>LENGUA<\/strong><\/p>\n\n\n\n<p>A- DONOSO, SILVIA<br>B- FILIPPI, MAR\u00cdA ELISA<br>C- RODR\u00cdGUEZ, SEBASTI\u00c1N<\/p>\n\n\n\n<h6 class=\"wp-block-heading\">&nbsp;<\/h6>\n","protected":false},"excerpt":{"rendered":"<p>PLAN DE ESTUDIOS 1\u00b0 a\u00f1o Pedagog\u00edaProblem\u00e1ticas Socio antropol\u00f3gicas de la Educaci\u00f3nPsicolog\u00eda y Educaci\u00f3nArgentina en el Mundo Contempor\u00e1neoLenguaje Digital y AudiovisualLenguaje CorporalPr\u00e1ctica Docente IEducaci\u00f3n Inicial: Jard\u00edn MaternalOralidad, Lectura y EscrituraEducaci\u00f3n Art\u00edstica: M\u00fasicaSeminario Alfabetizaci\u00f3n en Lengua Inglesa 3\u00b0 a\u00f1o Historia y Pol\u00edtica de la Educaci\u00f3n ArgentinaPr\u00e1ctica Docente IIIMatem\u00e1tica y su Did\u00e1cticaLiteratura en el Nivel InicialCiencias Sociales y &#8230; <a title=\"Profesorado en Educaci\u00f3n Inicial\" class=\"read-more\" href=\"https:\/\/enscarbo-cba.infd.edu.ar\/sitio\/profesorado-en-educacion-inicial\/\" aria-label=\"More on Profesorado en Educaci\u00f3n Inicial\">[+]<\/a><\/p>\n","protected":false},"author":7,"featured_media":0,"parent":0,"menu_order":0,"comment_status":"closed","ping_status":"closed","template":"","meta":[],"acf":[],"_links":{"self":[{"href":"https:\/\/enscarbo-cba.infd.edu.ar\/sitio\/wp-json\/wp\/v2\/pages\/1233"}],"collection":[{"href":"https:\/\/enscarbo-cba.infd.edu.ar\/sitio\/wp-json\/wp\/v2\/pages"}],"about":[{"href":"https:\/\/enscarbo-cba.infd.edu.ar\/sitio\/wp-json\/wp\/v2\/types\/page"}],"author":[{"embeddable":true,"href":"https:\/\/enscarbo-cba.infd.edu.ar\/sitio\/wp-json\/wp\/v2\/users\/7"}],"replies":[{"embeddable":true,"href":"https:\/\/enscarbo-cba.infd.edu.ar\/sitio\/wp-json\/wp\/v2\/comments?post=1233"}],"version-history":[{"count":36,"href":"https:\/\/enscarbo-cba.infd.edu.ar\/sitio\/wp-json\/wp\/v2\/pages\/1233\/revisions"}],"predecessor-version":[{"id":5495,"href":"https:\/\/enscarbo-cba.infd.edu.ar\/sitio\/wp-json\/wp\/v2\/pages\/1233\/revisions\/5495"}],"wp:attachment":[{"href":"https:\/\/enscarbo-cba.infd.edu.ar\/sitio\/wp-json\/wp\/v2\/media?parent=1233"}],"curies":[{"name":"wp","href":"https:\/\/api.w.org\/{rel}","templated":true}]}}