{"id":2544,"date":"2021-02-18T20:43:45","date_gmt":"2021-02-18T23:43:45","guid":{"rendered":"https:\/\/enscarbo-cba.infd.edu.ar\/sitio\/?page_id=2544"},"modified":"2025-12-23T16:30:51","modified_gmt":"2025-12-23T19:30:51","slug":"asociacion-cooperadora","status":"publish","type":"page","link":"https:\/\/enscarbo-cba.infd.edu.ar\/sitio\/asociacion-cooperadora\/","title":{"rendered":"Asociaci\u00f3n Cooperadora"},"content":{"rendered":"<h1 style=\"text-align: center;\">\u00a0<\/h1>\n<p><img decoding=\"async\" loading=\"lazy\" class=\"alignnone size-medium wp-image-6675 aligncenter\" src=\"https:\/\/enscarbo-cba.infd.edu.ar\/sitio\/wp-content\/uploads\/2025\/12\/Tu-Story-Felices-Fiestas-Delicado-Floral-Oro-y-Negro--563x1000.jpg\" alt=\"\" width=\"563\" height=\"1000\" srcset=\"https:\/\/enscarbo-cba.infd.edu.ar\/sitio\/wp-content\/uploads\/2025\/12\/Tu-Story-Felices-Fiestas-Delicado-Floral-Oro-y-Negro--563x1000.jpg 563w, https:\/\/enscarbo-cba.infd.edu.ar\/sitio\/wp-content\/uploads\/2025\/12\/Tu-Story-Felices-Fiestas-Delicado-Floral-Oro-y-Negro--1069x1900.jpg 1069w, https:\/\/enscarbo-cba.infd.edu.ar\/sitio\/wp-content\/uploads\/2025\/12\/Tu-Story-Felices-Fiestas-Delicado-Floral-Oro-y-Negro--768x1365.jpg 768w, https:\/\/enscarbo-cba.infd.edu.ar\/sitio\/wp-content\/uploads\/2025\/12\/Tu-Story-Felices-Fiestas-Delicado-Floral-Oro-y-Negro--864x1536.jpg 864w, https:\/\/enscarbo-cba.infd.edu.ar\/sitio\/wp-content\/uploads\/2025\/12\/Tu-Story-Felices-Fiestas-Delicado-Floral-Oro-y-Negro-.jpg 1080w\" sizes=\"(max-width: 563px) 100vw, 563px\" \/><\/p>\n<h4 style=\"text-align: center;\"><strong>COMISI\u00d3N DIRECTIVA <\/strong><\/h4>\n<h4 style=\"text-align: center;\"><strong>ASOCIACI\u00d3N CIVIL COOPERADORA ESCUELA NORMAL SUPERIOR <\/strong><\/h4>\n<h4 style=\"text-align: center;\"><strong> ALEJANDRO CARB\u00d3<\/strong><\/h4>\n<h4 style=\"text-align: center;\"><strong>2024- 2026<\/strong><\/h4>\n<h5>\u00a0<\/h5>\n<h5 style=\"text-align: center;\">Presidente:Pabla Orellana\u00a0<\/h5>\n<h5 style=\"text-align: center;\">Tesorera: Roxana Edith Diani<\/h5>\n<h5 style=\"text-align: center;\">Secretaria: Ma. Florencia Iglesias<\/h5>\n<h5 style=\"text-align: center;\">Primer Vocal Titular: Luciano Adri\u00e1n Ferrer<\/h5>\n<h5 style=\"text-align: center;\">Segundo Vocal Titular: Gabriela Guzm\u00e1n<\/h5>\n<h5 style=\"text-align: center;\">Primer Vocal Suplente: <strong>Katerinne Janet Rodr\u00edguez<\/strong><\/h5>\n<h5 style=\"text-align: center;\"><strong>Segundo Vocal Suplente: <\/strong>Ma. Marcela Herrera\u00a0<\/h5>\n<h5 style=\"text-align: center;\">\u00a0<\/h5>\n<h5 style=\"text-align: center;\"><strong>Comisi\u00f3n Revisora de Cuentas<\/strong><\/h5>\n<h5 style=\"text-align: center;\">Titulares: Juan Cruz Perez<\/h5>\n<h5 style=\"text-align: center;\">Yanina Vargas<\/h5>\n<h5 style=\"text-align: center;\">Suplente:<\/h5>\n<h5 style=\"text-align: center;\">Emiliano Axel Bauer<\/h5>\n<h5 style=\"text-align: center;\">Asesor: Prof. Lic. Silvia Beatriz Nahum<\/h5>\n<hr \/>\n<h5>\u00a0<\/h5>\n<h4><img decoding=\"async\" loading=\"lazy\" class=\"size-medium wp-image-5628 aligncenter\" src=\"https:\/\/enscarbo-cba.infd.edu.ar\/sitio\/wp-content\/uploads\/2023\/12\/PREINSCRIPCION-PARA-ESTUDIANTES-INGRESANTES-2024-1000x500.png\" alt=\"\" width=\"1000\" height=\"500\" srcset=\"https:\/\/enscarbo-cba.infd.edu.ar\/sitio\/wp-content\/uploads\/2023\/12\/PREINSCRIPCION-PARA-ESTUDIANTES-INGRESANTES-2024-1000x500.png 1000w, https:\/\/enscarbo-cba.infd.edu.ar\/sitio\/wp-content\/uploads\/2023\/12\/PREINSCRIPCION-PARA-ESTUDIANTES-INGRESANTES-2024-1900x950.png 1900w, https:\/\/enscarbo-cba.infd.edu.ar\/sitio\/wp-content\/uploads\/2023\/12\/PREINSCRIPCION-PARA-ESTUDIANTES-INGRESANTES-2024-768x384.png 768w, https:\/\/enscarbo-cba.infd.edu.ar\/sitio\/wp-content\/uploads\/2023\/12\/PREINSCRIPCION-PARA-ESTUDIANTES-INGRESANTES-2024-1536x768.png 1536w, https:\/\/enscarbo-cba.infd.edu.ar\/sitio\/wp-content\/uploads\/2023\/12\/PREINSCRIPCION-PARA-ESTUDIANTES-INGRESANTES-2024-2048x1024.png 2048w\" sizes=\"(max-width: 1000px) 100vw, 1000px\" \/><\/h4>\n<p>&nbsp;<\/p>\n<p>&nbsp;<\/p>\n<h3 style=\"text-align: center;\"><strong>CUOTA SOCIETARIA: 2026<\/strong><\/h3>\n<h3 style=\"text-align: center;\"><strong>$42000.- POR ESTUDIANTE DE TODOS LOS NIVELES<\/strong><\/h3>\n<h4>\u00a0<\/h4>\n<h4>Puede abonarse por transferencia con los datos detallados a continuaci\u00f3n ALIAS: <strong>\u00abCoopensac\u00bb<\/strong>.\u00a0<\/h4>\n<h4>\u00a0<\/h4>\n<hr \/>\n<h4>\u00a0<\/h4>\n<h4 style=\"text-align: center;\">CBU CUENTA ESCUELA NORMAL SUPERIOR DR. ALEJANDRO CARB\u00d3<\/h4>\n<h4 style=\"text-align: center;\">ALIAS: <strong>\u00abCoopensac\u00bb<\/strong><\/h4>\n<h3 class=\"_04xlpA direction-ltr align-center para-style-body\"><span class=\"JsGRdQ\">\u00a0 \u00a0 \u00a0 \u00a0 \u00a0 \u00a0 \u00a0 \u00a0 \u00a0 \u00a0 \u00a0 \u00a0 \u00a0 \u00a0 \u00a0 \u00a0 \u00a0 \u00a0 \u00a0 \u00a0 \u00a0 \u00a0\u00a0<\/span><span class=\"JsGRdQ\"><img decoding=\"async\" loading=\"lazy\" class=\"wp-image-3257 aligncenter\" src=\"https:\/\/enscarbo-cba.infd.edu.ar\/sitio\/wp-content\/uploads\/2021\/03\/Captura-de-pantalla-2021-03-31-051354.png\" alt=\"\" width=\"209\" height=\"202\" \/><\/span><\/h3>\n<p>&nbsp;<\/p>\n<hr \/>\n<p class=\"_04xlpA direction-ltr align-start para-style-body\">\u00a0<\/p>\n<h3 style=\"text-align: center;\">HORARIOS DE ATENCI\u00d3N\u00a0<\/h3>\n<p style=\"text-align: center;\">LUNES a VIERNES 13:00 A 18:30<\/p>\n<h3 style=\"text-align: center;\">\u00a0<\/h3>\n<h3 style=\"text-align: center;\">Correo electr\u00f3nico: <a href=\"mailto:coop.ensacarbo@gmail.com\">coop.ensacarbo@gmail.com<\/a><\/h3>\n<h5>\u00a0<\/h5>\n<p class=\"_04xlpA direction-ltr align-start para-style-body\">\u00a0<\/p>\n<h5 style=\"text-align: center;\"><a href=\"https:\/\/enscarbo-cba.infd.edu.ar\/sitio\/wp-content\/uploads\/2022\/06\/decreto1100cooperadorasescolares.pdf\">decreto1100cooperadorasescolares<\/a><\/h5>\n<h5 style=\"text-align: center;\"><a href=\"https:\/\/enscarbo-cba.infd.edu.ar\/sitio\/wp-content\/uploads\/2022\/06\/Estatuto-Nvo-Oficial-Resolucion-010_2022-SCE-2.pdf\">Estatuto Nvo- Oficial-Resolucion 010_2022 SCE (2)<\/a><\/h5>\n<h5 style=\"text-align: center;\"><span style=\"color: #0000ff;\"><a style=\"color: #0000ff;\" href=\"https:\/\/enscarbo-cba.infd.edu.ar\/sitio\/wp-content\/uploads\/2022\/06\/NOTA-P-FLIA-05-31-2022-19.12.pdf\">NOTA-P-FLIA- 05-31-2022 19.12<\/a><\/span><\/h5>\n<hr \/>\n<p>&nbsp;<\/p>\n<p>La <strong>Comisi\u00f3n Directiva de la Asociaci\u00f3n Civil Cooperadora Escuela Normal Superior Dr. Alejandro Carb\u00f3<\/strong>, convoca e invita a los socios activos a la <strong>Asamblea General Ordinaria a realizarse el 16 de septiembre del a\u00f1o 2025 a las 14hs<\/strong>\u00a0en la sede social de la instituci\u00f3n cita en Av. Col\u00f3n 951 de la ciudad de C\u00f3rdoba a los efectos de considerar el siguiente orden del d\u00eda:<\/p>\n<p>&nbsp;<\/p>\n<p>ASOCIACION CIVIL COOPERADORA<br \/>ESCUELA NORMAL SUPERIOR DR.<br \/>ALEJANDRO CARBO<br \/>Por Acta de Comisi\u00f3n Directiva, de fecha 11 de Agosto de 2025 , se convoca a las personas asociadas a Asamblea General Ordinaria, a celebrarse el d\u00eda 16 de Setiembre de 2025, a las 14:00 horas, en la sede social sita en en Avenida Colon N\u00ba 951 , Ciudad de C\u00f3rdoba, Departamento Capital, de la Provincia de C\u00f3rdoba, para tratar el siguiente orden del d\u00eda: <br \/>1) Lectura del Acta anterior;<br \/>2) Designaci\u00f3n de dos personas asociadas que suscriban el acta de asamblea; <br \/>3) Consideraci\u00f3n de la Memoria, Informe de la Comisi\u00f3n Revisora de Cuentas y los Estados Contables correspondiente al Ejercicio Econ\u00f3mico cerrado el 31 de Diciembre de 2024; <br \/>4) Aumento o disminuci\u00f3n de la Cuota societaria; <br \/>5) Fijaci\u00f3n del monto de caja chica a entregar al Director\/a del Establecimiento en los t\u00e9rminos del art 27 inciso K del Estatuto social; <br \/>6) Evaluaci\u00f3n de la condiciones en que se recepcion\u00f3 la documentaci\u00f3n y dem\u00e1s de la anterior<br \/>Comisi\u00f3n Directiva y Evaluaci\u00f3n del a\u00f1o de gesti\u00f3n de la Comisi\u00f3n Directiva actual; <br \/>7) Explicaci\u00f3n de porque se realiza la Asamblea fuera de termino.-<br \/>Fdo: La Comisi\u00f3n Directiva<br \/>1 d\u00eda &#8211; N\u00ba 615284 &#8211; s\/c &#8211; 19\/8\/2025 &#8211; BOE<\/p>\n<p><a href=\"https:\/\/enscarbo-cba.infd.edu.ar\/sitio\/wp-content\/uploads\/2025\/09\/Boletin-oficial.pdf\">Boletin oficial<\/a><\/p>\n","protected":false},"excerpt":{"rendered":"<p>\u00a0 COMISI\u00d3N DIRECTIVA ASOCIACI\u00d3N CIVIL COOPERADORA ESCUELA NORMAL SUPERIOR ALEJANDRO CARB\u00d3 2024- 2026 \u00a0 Presidente:Pabla Orellana\u00a0 Tesorera: Roxana Edith Diani Secretaria: Ma. Florencia Iglesias Primer Vocal Titular: Luciano Adri\u00e1n Ferrer Segundo Vocal Titular: Gabriela Guzm\u00e1n Primer Vocal Suplente: Katerinne Janet Rodr\u00edguez Segundo Vocal Suplente: Ma. Marcela Herrera\u00a0 \u00a0 Comisi\u00f3n Revisora de Cuentas Titulares: Juan Cruz &#8230; <a title=\"Asociaci\u00f3n Cooperadora\" class=\"read-more\" href=\"https:\/\/enscarbo-cba.infd.edu.ar\/sitio\/asociacion-cooperadora\/\" aria-label=\"More on Asociaci\u00f3n Cooperadora\">[+]<\/a><\/p>\n","protected":false},"author":7,"featured_media":0,"parent":0,"menu_order":0,"comment_status":"closed","ping_status":"closed","template":"","meta":[],"acf":[],"_links":{"self":[{"href":"https:\/\/enscarbo-cba.infd.edu.ar\/sitio\/wp-json\/wp\/v2\/pages\/2544"}],"collection":[{"href":"https:\/\/enscarbo-cba.infd.edu.ar\/sitio\/wp-json\/wp\/v2\/pages"}],"about":[{"href":"https:\/\/enscarbo-cba.infd.edu.ar\/sitio\/wp-json\/wp\/v2\/types\/page"}],"author":[{"embeddable":true,"href":"https:\/\/enscarbo-cba.infd.edu.ar\/sitio\/wp-json\/wp\/v2\/users\/7"}],"replies":[{"embeddable":true,"href":"https:\/\/enscarbo-cba.infd.edu.ar\/sitio\/wp-json\/wp\/v2\/comments?post=2544"}],"version-history":[{"count":165,"href":"https:\/\/enscarbo-cba.infd.edu.ar\/sitio\/wp-json\/wp\/v2\/pages\/2544\/revisions"}],"predecessor-version":[{"id":6678,"href":"https:\/\/enscarbo-cba.infd.edu.ar\/sitio\/wp-json\/wp\/v2\/pages\/2544\/revisions\/6678"}],"wp:attachment":[{"href":"https:\/\/enscarbo-cba.infd.edu.ar\/sitio\/wp-json\/wp\/v2\/media?parent=2544"}],"curies":[{"name":"wp","href":"https:\/\/api.w.org\/{rel}","templated":true}]}}