{"id":5612,"date":"2023-12-11T19:26:07","date_gmt":"2023-12-11T22:26:07","guid":{"rendered":"https:\/\/enscarbo-cba.infd.edu.ar\/sitio\/?page_id=5612"},"modified":"2025-03-17T18:18:21","modified_gmt":"2025-03-17T21:18:21","slug":"informacion-para-estudiantes-de-nivel-superior-2","status":"publish","type":"page","link":"https:\/\/enscarbo-cba.infd.edu.ar\/sitio\/informacion-para-estudiantes-de-nivel-superior-2\/","title":{"rendered":"Informaci\u00f3n para Estudiantes de Nivel Superior 2025"},"content":{"rendered":"\n<p>Inicio de cursada COMPLEMENTARIA Y EXTRAODINARIA de los seminarios 2023 &#8211; 2024 del Trayecto de Fortalecimiento de la Ense\u00f1anza de la Matem\u00e1tica, la Lengua y la Cultura Digital &#x1f4ca;&#x1f4dd;&#x1f5a5;Estimadas\/os autoridades y estudiantes<\/p>\n\n\n\n<p>En esta oportunidad nos comunicamos con ustedes para compartirles el inicio de las CURSADA COMPLEMENTARIA y EXTRAORDINARIA de los seminarios correspondientes al 2024 del Trayecto de Fortalecimiento de la Ense\u00f1anza de la Matem\u00e1tica, la Lengua y la Cultura Digital para el profesorado de Educaci\u00f3n Primaria.<\/p>\n\n\n\n<p>Los cursados de los 3 seminarios tendr\u00e1n lugar entre las fechas del 5 de marzo al 31 de Marzo. A si mismo vale la pena recordar que esta modalidad de cursado est\u00e1 dirigida a:<\/p>\n\n\n\n<p>Modalidad complementaria; aquellos estudiantes que han cursado y no han completado la totalidad de los requisitos m\u00ednimos que proponen los seminarios, ya se no aprobar alguna actividad como as\u00ed tambi\u00e9n no participar en alg\u00fan encuentro sincr\u00f3nico obligatorio.<br>Tanto en acta como as\u00ed tambi\u00e9n en las aulas, su calificaci\u00f3n final corresponde a NO APROBADO.<\/p>\n\n\n\n<p>Modalidad Extraordinaria: aquellos estudiantes que no cursaron alg\u00fan seminario. Tanto en acta como as\u00ed tambi\u00e9n en las aulas, su calificaci\u00f3n final corresponde a NO CURSADO.<\/p>\n\n\n\n<p>La modalidad de inscripci\u00f3n a esta instancia ser\u00e1 por medio de formularios donde se encontrar\u00e1 en el listado de cada instituci\u00f3n los\/las estudiante que le corresponda cursar cada instancia. Hay un formulario por cada seminario y tipo de cursada, los encuentran dentro del campus virtual, por lo que deber\u00e1n ingresar con sus usuarios correspondientes.<\/p>\n\n\n\n<p>Adjuntamos un instructivo en formato PDF de c\u00f3mo realizar estos pasos para la inscripci\u00f3n.<\/p>\n\n\n\n<p>Cualquier consulta pueden comunicarse a tfprimaria@dges-cba.edu.ar y recuerden informar sus nombres completos, DNI e instituci\u00f3n donde cursan para poder identificarlos con rapidez y brindarles una respuesta concreta.<\/p>\n\n\n\n<p>Saludos<br>Equipo del Trayecto de Fortalecimiento.<\/p>\n\n\n\n<div class=\"wp-block-file\"><object class=\"wp-block-file__embed\" data=\"https:\/\/enscarbo-cba.infd.edu.ar\/sitio\/wp-content\/uploads\/2025\/02\/TUTORIAL-DE-INSCRIPCION-A-LA-CURSADA-COMPLEMENTARIA-Y-EXTRAORDINARIA-2025.pdf\" type=\"application\/pdf\" style=\"width:100%;height:600px\" aria-label=\"Incrustado de TUTORIAL-DE-INSCRIPCION-A-LA-CURSADA-COMPLEMENTARIA-Y-EXTRAORDINARIA-2025.\"><\/object><a id=\"wp-block-file--media-5fe0789b-79ee-4644-8f60-0ca595f0e716\" href=\"https:\/\/enscarbo-cba.infd.edu.ar\/sitio\/wp-content\/uploads\/2025\/02\/TUTORIAL-DE-INSCRIPCION-A-LA-CURSADA-COMPLEMENTARIA-Y-EXTRAORDINARIA-2025.pdf\">TUTORIAL-DE-INSCRIPCION-A-LA-CURSADA-COMPLEMENTARIA-Y-EXTRAORDINARIA-2025<\/a><a href=\"https:\/\/enscarbo-cba.infd.edu.ar\/sitio\/wp-content\/uploads\/2025\/02\/TUTORIAL-DE-INSCRIPCION-A-LA-CURSADA-COMPLEMENTARIA-Y-EXTRAORDINARIA-2025.pdf\" class=\"wp-block-file__button wp-element-button\" download aria-describedby=\"wp-block-file--media-5fe0789b-79ee-4644-8f60-0ca595f0e716\">Descarga<\/a><\/div>\n\n\n\n<p><\/p>\n\n\n\n<p class=\"has-text-align-center has-base-3-color has-accent-background-color has-text-color has-background has-large-font-size\"><strong>Inscripciones de ambos profesorados de 2\u00b0 a 4\u00b0 a\u00f1os        CICLO LECTIVO 2025<\/strong><\/p>\n\n\n\n<figure class=\"wp-block-gallery has-nested-images columns-default is-cropped wp-block-gallery-1 is-layout-flex\">\n<figure class=\"wp-block-image size-large\"><img decoding=\"async\" loading=\"lazy\" width=\"1145\" height=\"673\" data-id=\"6538\"  src=\"https:\/\/enscarbo-cba.infd.edu.ar\/sitio\/wp-content\/uploads\/2025\/03\/image-1.png\" alt=\"\" class=\"wp-image-6538\" srcset=\"https:\/\/enscarbo-cba.infd.edu.ar\/sitio\/wp-content\/uploads\/2025\/03\/image-1.png 1145w, https:\/\/enscarbo-cba.infd.edu.ar\/sitio\/wp-content\/uploads\/2025\/03\/image-1-1000x588.png 1000w, https:\/\/enscarbo-cba.infd.edu.ar\/sitio\/wp-content\/uploads\/2025\/03\/image-1-768x451.png 768w\" sizes=\"(max-width: 1145px) 100vw, 1145px\" \/><\/figure>\n<\/figure>\n\n\n\n<p class=\"has-text-align-center has-base-3-color has-accent-background-color has-text-color has-background has-medium-font-size\"><strong>MARTES 18 DE MARZO INICIAN LAS INSCRIPCIONES<\/strong>&#x1f447;<\/p>\n\n\n\n<p class=\"has-text-align-center\"><img decoding=\"async\" loading=\"lazy\" width=\"1843\" height=\"2560\" class=\"wp-image-6540\" style=\"width: 600px;\" src=\"https:\/\/enscarbo-cba.infd.edu.ar\/sitio\/wp-content\/uploads\/2025\/03\/Imagen3-scaled.jpg\" alt=\"\" srcset=\"https:\/\/enscarbo-cba.infd.edu.ar\/sitio\/wp-content\/uploads\/2025\/03\/Imagen3-scaled.jpg 1843w, https:\/\/enscarbo-cba.infd.edu.ar\/sitio\/wp-content\/uploads\/2025\/03\/Imagen3-720x1000.jpg 720w, https:\/\/enscarbo-cba.infd.edu.ar\/sitio\/wp-content\/uploads\/2025\/03\/Imagen3-1368x1900.jpg 1368w, https:\/\/enscarbo-cba.infd.edu.ar\/sitio\/wp-content\/uploads\/2025\/03\/Imagen3-768x1067.jpg 768w, https:\/\/enscarbo-cba.infd.edu.ar\/sitio\/wp-content\/uploads\/2025\/03\/Imagen3-1106x1536.jpg 1106w, https:\/\/enscarbo-cba.infd.edu.ar\/sitio\/wp-content\/uploads\/2025\/03\/Imagen3-1474x2048.jpg 1474w\" sizes=\"(max-width: 1843px) 100vw, 1843px\" \/><\/p>\n\n\n\n<p class=\"has-text-align-center has-base-3-color has-accent-background-color has-text-color has-background\"><strong>REQUISITOS DE INSCRIPCI\u00d3N 2025. Fijate debajo<\/strong> <strong>&#x1f447;<\/strong><br>Presentarse con la Libreta Completa, junto con la Ficha de Matriculaci\u00f3n que deben descargar.<br>Todos los estudiantes deben presentar hasta el \u00faltimo d\u00eda h\u00e1bil de abril (2025) el CUS y el ISA<\/p>\n\n\n\n<p class=\"has-text-align-left has-base-3-background-color has-background has-medium-font-size\"><mark style=\"background-color:var(--base-2)\" class=\"has-inline-color has-accent-color\"><a href=\"https:\/\/drive.google.com\/file\/d\/1Bpg-tP3uj_5u-2irFENYU-d2PH5jZV2Z\/view?usp=sharing\"><img decoding=\"async\" class=\"wp-image-6536\" style=\"width: NaNpx;\" src=\"https:\/\/enscarbo-cba.infd.edu.ar\/sitio\/wp-content\/uploads\/2025\/03\/MATRICULACION-2025.pdf\" alt=\"\">FICHA DE MATR\u00cdCULA PEP<\/a>   <\/mark>                                                                                        <mark style=\"background-color:rgba(0, 0, 0, 0)\" class=\"has-inline-color has-base-2-color\"> <\/mark><mark style=\"background-color:var(--base-2)\" class=\"has-inline-color has-accent-color\"> <a href=\"https:\/\/drive.google.com\/file\/d\/1046BDAR1UdlXD-uEXKY02hA0a6JcsFuE\/view?usp=drive_link\"> FICHA DE MATR\u00cdCULA PEI<\/a><\/mark><\/p>\n\n\n\n<p class=\"has-text-align-left has-base-3-background-color has-background has-medium-font-size\">*Descargar planilla de Certificado \u00danico de Salud (C.U.S.) y completar con profesional m\u00e9dico; tambi\u00e9n descargar el Informe de Salud Anual I.S.A. y se debe completar para presentar. <\/p>\n\n\n\n<p class=\"has-text-align-left has-base-3-background-color has-background has-medium-font-size\"> Enlace: <a rel=\"noreferrer noopener\" href=\"https:\/\/www.cba.gov.ar\/wp-content\/uploads\/2021\/02\/Certificado-%C3%9Anico-de-Salud-CUS.pdf?csrt=4877087420057802857)\" target=\"_blank\">Certificado \u00danico de Salud<\/a>. (Debe presentarse en original y dos copias) Enlace: <a href=\"https:\/\/drive.google.com\/file\/d\/18y89RA9r9TrSKrlsqFLq54fdP2JaaHFI\/view?usp=drive_link\">I.S.A.<\/a> (Presnetar s\u00f3lo una copia)<\/p>\n\n\n\n<p class=\"has-text-align-left has-base-3-color has-base-3-background-color has-text-color has-background has-small-font-size\"><img decoding=\"async\" loading=\"lazy\" width=\"183\" height=\"167\" class=\"wp-image-6546\" style=\"width: 200px;\" src=\"https:\/\/enscarbo-cba.infd.edu.ar\/sitio\/wp-content\/uploads\/2025\/03\/READMISIONES.png\" alt=\"\"><\/p>\n\n\n<div class=\"wp-block-image is-style-default\">\n<figure class=\"aligncenter size-medium is-resized\"><img decoding=\"async\" loading=\"lazy\" src=\"https:\/\/enscarbo-cba.infd.edu.ar\/sitio\/wp-content\/uploads\/2025\/03\/READMISIONES-2025-1-940x1000.png\" alt=\"\" class=\"wp-image-6547\" width=\"624\" height=\"663\" srcset=\"https:\/\/enscarbo-cba.infd.edu.ar\/sitio\/wp-content\/uploads\/2025\/03\/READMISIONES-2025-1-940x1000.png 940w, https:\/\/enscarbo-cba.infd.edu.ar\/sitio\/wp-content\/uploads\/2025\/03\/READMISIONES-2025-1-1786x1900.png 1786w, https:\/\/enscarbo-cba.infd.edu.ar\/sitio\/wp-content\/uploads\/2025\/03\/READMISIONES-2025-1-768x817.png 768w, https:\/\/enscarbo-cba.infd.edu.ar\/sitio\/wp-content\/uploads\/2025\/03\/READMISIONES-2025-1-1444x1536.png 1444w, https:\/\/enscarbo-cba.infd.edu.ar\/sitio\/wp-content\/uploads\/2025\/03\/READMISIONES-2025-1-1925x2048.png 1925w\" sizes=\"(max-width: 624px) 100vw, 624px\" \/><\/figure><\/div>\n\n\n<figure class=\"wp-block-gallery has-nested-images columns-default is-cropped wp-block-gallery-3 is-layout-flex\"><\/figure>\n\n\n\n<div class=\"wp-block-group is-nowrap is-layout-flex wp-container-5\">\n<figure class=\"wp-block-image size-full\"><img decoding=\"async\" loading=\"lazy\" width=\"180\" height=\"126\" src=\"https:\/\/enscarbo-cba.infd.edu.ar\/sitio\/wp-content\/uploads\/2023\/03\/pase-abi.jpg\" alt=\"\" class=\"wp-image-4868\"\/><\/figure>\n\n\n\n<p class=\"has-text-align-center has-base-color has-accent-background-color has-text-color has-background\"><strong>PASES DESDE OTRAS INSTITUCIONES<\/strong><\/p>\n<\/div>\n\n\n\n<figure class=\"wp-block-gallery has-nested-images columns-default is-cropped wp-block-gallery-6 is-layout-flex\">\n<figure class=\"wp-block-image size-thumbnail\"><img decoding=\"async\" loading=\"lazy\" width=\"500\" height=\"500\" data-id=\"6545\"  src=\"https:\/\/enscarbo-cba.infd.edu.ar\/sitio\/wp-content\/uploads\/2025\/03\/PASES-INGRESANTES-2025-500x500.png\" alt=\"\" class=\"wp-image-6545\"\/><\/figure>\n<\/figure>\n\n\n\n<p><\/p>\n\n\n\n<p><\/p>\n\n\n\n<p><\/p>\n\n\n\n<p><\/p>\n\n\n\n<p><\/p>\n\n\n\n<p><\/p>\n\n\n\n<p><\/p>\n\n\n\n<p><\/p>\n\n\n\n<p><\/p>\n\n\n\n<p><\/p>\n\n\n\n<p><\/p>\n\n\n\n<p><\/p>\n\n\n\n<p><\/p>\n\n\n\n<p><\/p>\n\n\n\n<p><\/p>\n\n\n\n<p class=\"has-text-align-left has-medium-font-size\"><\/p>\n\n\n\n<p class=\"has-text-align-center has-medium-font-size\"><\/p>\n\n\n\n<p><\/p>\n\n\n\n<p><\/p>\n\n\n\n<p><\/p>\n\n\n\n<hr class=\"wp-block-separator has-alpha-channel-opacity\"\/>\n\n\n\n<div class=\"wp-block-group is-nowrap is-layout-flex wp-container-9\">\n<div class=\"wp-block-group is-nowrap is-layout-flex wp-container-8\"><\/div>\n<\/div>\n\n\n\n<div class=\"wp-block-group is-vertical is-content-justification-center is-layout-flex wp-container-10\">\n<p class=\"has-medium-font-size\"><\/p>\n<\/div>\n\n\n\n<hr class=\"wp-block-separator has-alpha-channel-opacity\"\/>\n\n\n\n<hr class=\"wp-block-separator has-alpha-channel-opacity\"\/>\n\n\n\n<div class=\"wp-block-columns alignfull is-layout-flex wp-container-13\">\n<div class=\"wp-block-column is-layout-flow\"><\/div>\n\n\n\n<div class=\"wp-block-column is-layout-flow\" style=\"flex-basis:100%\">\n<hr class=\"wp-block-separator has-alpha-channel-opacity\"\/>\n\n\n\n<p class=\"has-text-align-center has-medium-font-size\"><strong>Tutorial paso a paso<\/strong><\/p>\n\n\n\n<p class=\"has-normal-font-size\"><img decoding=\"async\" loading=\"lazy\" src=\"https:\/\/lh4.googleusercontent.com\/IBT4_cAtuKfXOuWBcBmN-QpYehRdosftgDVXn47oANwt5tvzSS0e3vXk7yd_DTw-RQIZGh5TKO4JBwRzNFE4tRTv1yHw2Zozrc_-yXKPEe4dj7eswybqElCxLLiwwHXqgGfphq-k\" width=\"47\" height=\"47\">Ingresar al aula virtual: <a href=\"https:\/\/enscarbo-cba.infd.edu.ar\/aula\/acceso.cgi\">https:\/\/enscarbo-cba.infd.edu.ar\/aula\/acceso.cgi<\/a>&nbsp;<\/p>\n\n\n\n<p class=\"has-normal-font-size\"><img decoding=\"async\" loading=\"lazy\" src=\"https:\/\/lh4.googleusercontent.com\/IBT4_cAtuKfXOuWBcBmN-QpYehRdosftgDVXn47oANwt5tvzSS0e3vXk7yd_DTw-RQIZGh5TKO4JBwRzNFE4tRTv1yHw2Zozrc_-yXKPEe4dj7eswybqElCxLLiwwHXqgGfphq-k\" width=\"47\" height=\"47\">Ingresar al cat\u00e1logo:<\/p>\n\n\n\n<figure class=\"wp-block-image\"><img decoding=\"async\" src=\"https:\/\/lh3.googleusercontent.com\/fh8_jd0493RsBQOrgqNvk2vBxhZxWZqJu2I2c0CtII7w99jPOR474-rGxmgIyVth2qPDJYqLi627nZz31tcvJwKMHEOBG9lAJ1I33jIiFM0XqJK8twPPl8gLGob5b6NRzlcaPsrz\" alt=\"\"\/><\/figure>\n\n\n\n<p class=\"has-normal-font-size\"><img decoding=\"async\" loading=\"lazy\" src=\"https:\/\/lh4.googleusercontent.com\/IBT4_cAtuKfXOuWBcBmN-QpYehRdosftgDVXn47oANwt5tvzSS0e3vXk7yd_DTw-RQIZGh5TKO4JBwRzNFE4tRTv1yHw2Zozrc_-yXKPEe4dj7eswybqElCxLLiwwHXqgGfphq-k\" width=\"47\" height=\"47\">Dentro del men\u00fa CATEGOR\u00cdAS, seleccionar carrera y a\u00f1o:<\/p>\n\n\n\n<figure class=\"wp-block-image\"><img decoding=\"async\" src=\"https:\/\/lh3.googleusercontent.com\/Uu7iWFciYRDXXJj1wqoHMVvAXKE4iHhYbVgPXMMI4KcW2Mxmml-ueJwgcJ3GmS3rKDRh_iExbsSJRXbn1bQKkSQMx2rHZpwdZzazgpWdnftvY2ElTXMZSmPsWZJiSOs7yc06M3yT\" alt=\"\"\/><\/figure>\n\n\n\n<p class=\"has-normal-font-size\"><img decoding=\"async\" loading=\"lazy\" src=\"https:\/\/lh4.googleusercontent.com\/IBT4_cAtuKfXOuWBcBmN-QpYehRdosftgDVXn47oANwt5tvzSS0e3vXk7yd_DTw-RQIZGh5TKO4JBwRzNFE4tRTv1yHw2Zozrc_-yXKPEe4dj7eswybqElCxLLiwwHXqgGfphq-k\" width=\"47\" height=\"47\">Seleccionar el aula del espacio curricular seg\u00fan a\u00f1o, nombre y divisi\u00f3n:<\/p>\n\n\n\n<figure class=\"wp-block-image\"><img decoding=\"async\" src=\"https:\/\/lh4.googleusercontent.com\/FJh7uda18h0SWbbByJwPEBB0ic2iV_zYR9it1UgNtRFpsrPejRMvBCnxp1FVdThLfKudAVlaRweIlonTZX_74I2sAURszl9RzpBUhNzOfwF9ziWc1pejWY2oxDDbG02xv8R_qAMz\" alt=\"\"\/><\/figure>\n\n\n\n<p class=\"has-normal-font-size\"><img decoding=\"async\" loading=\"lazy\" src=\"https:\/\/lh4.googleusercontent.com\/IBT4_cAtuKfXOuWBcBmN-QpYehRdosftgDVXn47oANwt5tvzSS0e3vXk7yd_DTw-RQIZGh5TKO4JBwRzNFE4tRTv1yHw2Zozrc_-yXKPEe4dj7eswybqElCxLLiwwHXqgGfphq-k\" width=\"47\" height=\"47\">Solicitar inscripci\u00f3n haciendo clic en \u201cInscribir\u201d:<\/p>\n\n\n\n<figure class=\"wp-block-image\"><img decoding=\"async\" src=\"https:\/\/lh5.googleusercontent.com\/c-JMcXjJMmJo_bwGg3-jdFOUdm8lNXFwAWnmKTTnVHfXF5vAW8JLWHJSvcvzAe0kDXSJ1IJ8qWhw5c90KynyBx5IPEzvhhEq9BVzGe073CXKSg7RMUwUWqA8UWFMLL3d_Bz-HYVE\" alt=\"\"\/><\/figure>\n\n\n\n<p class=\"has-normal-font-size\"><img decoding=\"async\" loading=\"lazy\" src=\"https:\/\/lh4.googleusercontent.com\/IBT4_cAtuKfXOuWBcBmN-QpYehRdosftgDVXn47oANwt5tvzSS0e3vXk7yd_DTw-RQIZGh5TKO4JBwRzNFE4tRTv1yHw2Zozrc_-yXKPEe4dj7eswybqElCxLLiwwHXqgGfphq-k\" width=\"47\" height=\"47\">Aparecer\u00e1 la siguiente pantalla:<\/p>\n\n\n\n<figure class=\"wp-block-image\"><img decoding=\"async\" src=\"https:\/\/lh5.googleusercontent.com\/XWRk2L2T7pbiurK75zcLB1BDYHO661oyMfPgOVTIuj5Dh2VZtlgeKE1j43w6EG6cDB8Tvdh43iSJASo3R4kcCgVwHJYrGjqONtbU7S_9Gmv2BUoo3Wo8Ti9DLZA7hPfqaCOYMn9G\" alt=\"\"\/><\/figure>\n\n\n\n<p class=\"has-normal-font-size\"><img decoding=\"async\" loading=\"lazy\" src=\"https:\/\/lh4.googleusercontent.com\/IBT4_cAtuKfXOuWBcBmN-QpYehRdosftgDVXn47oANwt5tvzSS0e3vXk7yd_DTw-RQIZGh5TKO4JBwRzNFE4tRTv1yHw2Zozrc_-yXKPEe4dj7eswybqElCxLLiwwHXqgGfphq-k\" width=\"47\" height=\"47\">Deber\u00e1 aguardar a que el docente confirme su inscripci\u00f3n. Cuando esto suceda, recibir\u00e1 un correo electr\u00f3nico de confirmaci\u00f3n y podr\u00e1 ingresar al aula virtual.<\/p>\n\n\n\n<hr class=\"wp-block-separator has-css-opacity is-style-wide\"\/>\n<\/div>\n<\/div>\n\n\n\n<hr class=\"wp-block-separator has-css-opacity is-style-wide\"\/>\n\n\n\n<p class=\"has-text-align-center has-cyan-bluish-gray-background-color has-background\" style=\"font-size:25px\"><strong>SISTEMA DE AUTOGESTI\u00d3N ESTUDIANTIL<\/strong><\/p>\n\n\n<div class=\"wp-block-image\">\n<figure class=\"aligncenter size-large\"><img decoding=\"async\" loading=\"lazy\" width=\"836\" height=\"124\" src=\"https:\/\/enscarbo-cba.infd.edu.ar\/sitio\/wp-content\/uploads\/2022\/10\/SIAADE-mejor-imagen-1.jpg\" alt=\"\" class=\"wp-image-4309\" srcset=\"https:\/\/enscarbo-cba.infd.edu.ar\/sitio\/wp-content\/uploads\/2022\/10\/SIAADE-mejor-imagen-1.jpg 836w, https:\/\/enscarbo-cba.infd.edu.ar\/sitio\/wp-content\/uploads\/2022\/10\/SIAADE-mejor-imagen-1-768x114.jpg 768w\" sizes=\"(max-width: 836px) 100vw, 836px\" \/><\/figure><\/div>\n\n\n<p><\/p>\n\n\n\n<p class=\"has-normal-font-size\">Estimados\/as Estudiantes:<\/p>\n\n\n\n<p class=\"has-normal-font-size\">Se habilitar\u00e1 el <strong>Sistema Gesteal (Sistema de Gesti\u00f3n Estudiantil), para consultar su situaci\u00f3n acad\u00e9mica actual.<\/strong><\/p>\n\n\n\n<p class=\"has-normal-font-size\"><strong>Pueden ingresar a trav\u00e9s de: <a href=\"http:\/\/www.gesteal.com.ar\/carbo\/alumno.html\">www.gesteal.com.ar\/carbo\/alumno.html<\/a><\/strong><\/p>\n\n\n<div class=\"wp-block-image\">\n<figure class=\"alignleft size-large\"><img decoding=\"async\" loading=\"lazy\" width=\"512\" height=\"48\" src=\"https:\/\/enscarbo-cba.infd.edu.ar\/sitio\/wp-content\/uploads\/2022\/10\/Ingreso-de-datos-1.jpg\" alt=\"\" class=\"wp-image-4247\" srcset=\"https:\/\/enscarbo-cba.infd.edu.ar\/sitio\/wp-content\/uploads\/2022\/10\/Ingreso-de-datos-1.jpg 512w, https:\/\/enscarbo-cba.infd.edu.ar\/sitio\/wp-content\/uploads\/2022\/10\/Ingreso-de-datos-1-500x48.jpg 500w\" sizes=\"(max-width: 512px) 100vw, 512px\" \/><\/figure><\/div>\n\n\n<p class=\"has-normal-font-size\"><strong><span class=\"has-inline-color has-vivid-red-color\">Si es por primera vez, la Clave son los \u00faltimos 4 d\u00edgitos del documento.<\/span><\/strong><\/p>\n\n\n\n<p><\/p>\n\n\n\n<p><\/p>\n\n\n\n<p class=\"has-normal-font-size\"><strong>Si tienen problema con la contrase\u00f1a, intenten recuperarla autom\u00e1ticamente desde la misma p\u00e1gina y en caso de no poder solucionarlo, escriban a <a href=\"mailto:preceptoriasupcarbo@gmail.com\">preceptoriasupcarbo@gmail.com<\/a> para solicitar el Blanqueo de su clave.<\/strong><\/p>\n\n\n\n<p class=\"has-normal-font-size\"><br><strong>ASUNTO: Profesorado: PEP\/PEI. Blanqueo de Clave. DNI. Apellido y Nombre<\/strong><\/p>\n\n\n\n<hr class=\"wp-block-separator has-css-opacity is-style-wide\"\/>\n\n\n\n<p class=\"has-normal-font-size\"><\/p>\n\n\n\n<p><\/p>\n\n\n\n<ul>\n<li><\/li>\n<\/ul>\n\n\n\n<hr class=\"wp-block-separator has-css-opacity is-style-wide\"\/>\n\n\n\n<p class=\"has-normal-font-size\"><\/p>\n\n\n\n<p><\/p>\n\n\n\n<p class=\"has-medium-font-size\"><strong>Consultar en la p\u00e1gina WEB el<\/strong> <strong><span class=\"has-inline-color has-vivid-red-color\">PLAN DE ESTUDIO Y R\u00c9GIMEN DE CORRELATIVIDADES:<\/span><\/strong><\/p>\n\n\n\n<ul>\n<li><a href=\"https:\/\/enscarbo-cba.infd.edu.ar\/sitio\/profesorado-en-educacion-inicial\/\" data-type=\"URL\" data-id=\"https:\/\/enscarbo-cba.infd.edu.ar\/sitio\/profesorado-en-educacion-inicial\/\"><span class=\"has-inline-color has-vivid-cyan-blue-color\">Profesorado en Educaci\u00f3n Inicial<\/span><\/a><\/li>\n<\/ul>\n\n\n\n<ul>\n<li><a href=\"https:\/\/enscarbo-cba.infd.edu.ar\/sitio\/profesorado-en-educacion-primaria\/\" data-type=\"URL\" data-id=\"https:\/\/enscarbo-cba.infd.edu.ar\/sitio\/profesorado-en-educacion-primaria\/\"><span class=\"has-inline-color has-vivid-cyan-blue-color\">Profesorado en Educaci\u00f3n Primaria<\/span><\/a><\/li>\n<\/ul>\n\n\n\n<p><\/p>\n\n\n\n<hr class=\"wp-block-separator has-css-opacity is-style-wide\"\/>\n\n\n\n<p class=\"has-normal-font-size\"><\/p>\n\n\n\n<p class=\"has-normal-font-size\"><\/p>\n\n\n\n<hr class=\"wp-block-separator has-css-opacity is-style-wide\"\/>\n\n\n\n<h4 class=\"wp-block-heading has-text-align-left has-vivid-red-color has-text-color\" style=\"font-size:25px\">Informaci\u00f3n \u00fatil para descargar si ya sos Estudiante de las Carreras de Nivel Superior:<\/h4>\n\n\n\n<h4 class=\"wp-block-heading has-medium-font-size\">Requisitos de Ingreso seg\u00fan Res. 412 Para descargar PDF. Haz clic aqu\u00ed: <a href=\"https:\/\/enscarbo-cba.infd.edu.ar\/sitio\/wp-content\/uploads\/2018\/11\/Ingresantes-Carbo.pdf\">Requisitos de Ingreso Res.412<\/a><\/h4>\n","protected":false},"excerpt":{"rendered":"<p>Inicio de cursada COMPLEMENTARIA Y EXTRAODINARIA de los seminarios 2023 &#8211; 2024 del Trayecto de Fortalecimiento de la Ense\u00f1anza de la Matem\u00e1tica, la Lengua y la Cultura Digital &#x1f4ca;&#x1f4dd;&#x1f5a5;Estimadas\/os autoridades y estudiantes En esta oportunidad nos comunicamos con ustedes para compartirles el inicio de las CURSADA COMPLEMENTARIA y EXTRAORDINARIA de los seminarios correspondientes al 2024 &#8230; <a title=\"Informaci\u00f3n para Estudiantes de Nivel Superior 2025\" class=\"read-more\" href=\"https:\/\/enscarbo-cba.infd.edu.ar\/sitio\/informacion-para-estudiantes-de-nivel-superior-2\/\" aria-label=\"More on Informaci\u00f3n para Estudiantes de Nivel Superior 2025\">[+]<\/a><\/p>\n","protected":false},"author":2481,"featured_media":0,"parent":0,"menu_order":0,"comment_status":"closed","ping_status":"closed","template":"","meta":[],"acf":[],"_links":{"self":[{"href":"https:\/\/enscarbo-cba.infd.edu.ar\/sitio\/wp-json\/wp\/v2\/pages\/5612"}],"collection":[{"href":"https:\/\/enscarbo-cba.infd.edu.ar\/sitio\/wp-json\/wp\/v2\/pages"}],"about":[{"href":"https:\/\/enscarbo-cba.infd.edu.ar\/sitio\/wp-json\/wp\/v2\/types\/page"}],"author":[{"embeddable":true,"href":"https:\/\/enscarbo-cba.infd.edu.ar\/sitio\/wp-json\/wp\/v2\/users\/2481"}],"replies":[{"embeddable":true,"href":"https:\/\/enscarbo-cba.infd.edu.ar\/sitio\/wp-json\/wp\/v2\/comments?post=5612"}],"version-history":[{"count":27,"href":"https:\/\/enscarbo-cba.infd.edu.ar\/sitio\/wp-json\/wp\/v2\/pages\/5612\/revisions"}],"predecessor-version":[{"id":6550,"href":"https:\/\/enscarbo-cba.infd.edu.ar\/sitio\/wp-json\/wp\/v2\/pages\/5612\/revisions\/6550"}],"wp:attachment":[{"href":"https:\/\/enscarbo-cba.infd.edu.ar\/sitio\/wp-json\/wp\/v2\/media?parent=5612"}],"curies":[{"name":"wp","href":"https:\/\/api.w.org\/{rel}","templated":true}]}}